{"id":614,"date":"2024-09-20T10:49:00","date_gmt":"2024-09-20T08:49:00","guid":{"rendered":"https:\/\/www.camping-les-fruitiers.com\/tourisme-hautes-pyrenees\/"},"modified":"2024-10-16T16:52:10","modified_gmt":"2024-10-16T14:52:10","slug":"tourism-hautes-pyrenees","status":"publish","type":"page","link":"https:\/\/www.camping-les-fruitiers.com\/en\/tourism-hautes-pyrenees\/","title":{"rendered":"Tourism"},"content":{"rendered":"<div class=\"columns sec-05 reverse-mob\"><div class=\"columns__item\"><h1 class=\"fade-up\">At the heart of the Grands Sites are the Pic du Midi and the Tourmalet!<\/h1><p    >A stroll through <strong>Bagn\u00e8res-de-Bigorre<\/strong> means adopting the friendly atmosphere of a large mountain village that has managed to preserve its <strong>authenticity <\/strong>while offering a diverse range of tourist and cultural activities.<\/p><\/div><div class=\"columns__item sec-05__img\"><figure><picture><source srcset=\"https:\/\/www.camping-les-fruitiers.com\/wp-content\/uploads\/2024\/09\/AdobeStock_218842884-420x420.webp\" media=\"(max-width: 210px)\"><source srcset=\"https:\/\/www.camping-les-fruitiers.com\/wp-content\/uploads\/2024\/09\/AdobeStock_218842884-556x850.webp\" media=\"(max-width: 420px)\"><source srcset=\"https:\/\/www.camping-les-fruitiers.com\/wp-content\/uploads\/2024\/09\/AdobeStock_218842884-768x1175.webp\" media=\"(max-width: 850px)\"><source srcset=\"https:\/\/www.camping-les-fruitiers.com\/wp-content\/uploads\/2024\/09\/AdobeStock_218842884-669x1024.webp\" media=\"(max-width: 1024px)\"><source srcset=\"https:\/\/www.camping-les-fruitiers.com\/wp-content\/uploads\/2024\/09\/AdobeStock_218842884.webp\" media=\"(min-width: 1025px)\"><img decoding=\"async\" src=\"https:\/\/www.camping-les-fruitiers.com\/wp-content\/uploads\/2024\/09\/AdobeStock_218842884-420x420.webp\" width=\"420\" height=\"210\" loading=\"lazy\" alt=\"\" title=\"\"><\/picture><\/figure><\/div><\/div><div class=\"columns\"><div class=\"columns__item\"><p    >You&#8217;ll appreciate its charm and its location between <strong>Tarbes<\/strong>, and access to the <strong>Cols du Tourmalet and de l&#8217;Aspin<\/strong>, well known to <strong>cycling<\/strong> fans and the <strong>Tour de France<\/strong>. If you&#8217;re planning to spend a few days climbing our famous cols, we&#8217;d be <strong>delighted to welcome you<\/strong>! <\/p><\/div><div class=\"columns__item\"><div class=\"lireplus fc-mob\"><p    >Read more<\/p><div class=\"group\"><p    >Renowned for its sulphurous waters, <strong>the spa<\/strong> welcomes <strong>curists <\/strong>to relieve them of respiratory difficulties, rheumatological or psychosomatic ailments &#8230; Aquensis, a balneotherapy center, offers thermoludic and wellness areas.<\/p><\/div><\/div><\/div><\/div>\r\n<section id=\"fc-alentours\" class=\"wp-block-columns\">\r\n\r\n  <div id=\"listing-alentours\" class=\"wp-block-column\">\r\n    \r\n    <div class=\"filtres\">\r\n      <div>\r\n        <input id=\"all\" name=\"filter\" type=\"radio\" class=\"all-input\" checked=\"checked\" \/>\r\n        <label for=\"all\" class=\"all-label\">All locations<\/label>\r\n      <\/div>\r\n      <div><input id=\"activity\" name=\"filter\" type=\"radio\" \/><label for=\"activity\">Activity<\/label><\/div><div><input id=\"hiking\" name=\"filter\" type=\"radio\" \/><label for=\"hiking\">Hiking<\/label><\/div><div><input id=\"visit\" name=\"filter\" type=\"radio\" \/><label for=\"visit\">Visit<\/label><\/div><div><input id=\"wellness\" name=\"filter\" type=\"radio\" \/><label for=\"wellness\">Wellness<\/label><\/div>      <input type='hidden' id='current_page'\/>\r\n      <input type='hidden' id='show_per_page'\/>\r\n    <\/div>\r\n\r\n    <div id=\"listing\">\r\n              <article class=\"lieu-alentour currentCat visuel\" data-cat=\"camping\" data-slug=\"camping\" \" data-couleur=\"#656cb4\"\" data-latitude=\"43.0718775\" data-longitude=\"0.1566503\">\r\n          <div class=\"texte-lieu\">\r\n            <p class=\"categorie-lieu\">\r\n              <span class=\"fc-icon\"><svg xmlns=\"http:\/\/www.w3.org\/2000\/svg\"  viewBox=\"0 0 384 512\" width=\"16px\" height=\"16px\"><!--! Font Awesome Pro 6.4.2 by @fontawesome - https:\/\/fontawesome.com License - https:\/\/fontawesome.com\/license (Commercial License) Copyright 2023 Fonticons, Inc.--><path d=\"M384 192c0 87.4-117 243-168.3 307.2c-12.3 15.3-35.1 15.3-47.4 0C117 435 0 279.4 0 192C0 86 86 0 192 0S384 86 384 192z\"\/><\/svg><\/span>Campsite            <\/p>\r\n            <p class=\"titre-lieu\">Camping Les Fruitiers<\/p>\r\n          <\/div>\r\n          <img loading=\"lazy\" decoding=\"async\" width=\"1024\" height=\"685\" src=\"https:\/\/www.camping-les-fruitiers.com\/wp-content\/uploads\/2024\/09\/camping-les-fruitiers-1024x685.jpg\" class=\"attachment-large size-large\" alt=\"\" srcset=\"https:\/\/www.camping-les-fruitiers.com\/wp-content\/uploads\/2024\/09\/camping-les-fruitiers-1024x685.jpg 1024w, https:\/\/www.camping-les-fruitiers.com\/wp-content\/uploads\/2024\/09\/camping-les-fruitiers-850x569.jpg 850w, https:\/\/www.camping-les-fruitiers.com\/wp-content\/uploads\/2024\/09\/camping-les-fruitiers-768x514.jpg 768w, https:\/\/www.camping-les-fruitiers.com\/wp-content\/uploads\/2024\/09\/camping-les-fruitiers.jpg 1200w\" sizes=\"(max-width: 1024px) 100vw, 1024px\" title=\"\">        <\/article>\r\n                <article class=\"lieu-alentour currentCat visuel\" data-cat=\"hiking\" data-slug=\"vallon-du-salut\" data-icone=\"\" data-couleur=\"\" data-latitude=\"43.054409\" data-longitude=\"0.1470239\">\r\n          <div class=\"texte-lieu\">\r\n              <p class=\"categorie-lieu\">\r\n                <span class=\"fc-icon\"><svg xmlns=\"http:\/\/www.w3.org\/2000\/svg\"  viewBox=\"0 0 384 512\" width=\"16px\" height=\"16px\"><!--! Font Awesome Pro 6.4.2 by @fontawesome - https:\/\/fontawesome.com License - https:\/\/fontawesome.com\/license (Commercial License) Copyright 2023 Fonticons, Inc.--><path d=\"M384 192c0 87.4-117 243-168.3 307.2c-12.3 15.3-35.1 15.3-47.4 0C117 435 0 279.4 0 192C0 86 86 0 192 0S384 86 384 192z\"\/><\/svg><\/span>Hiking              <\/p>\r\n              <p class=\"titre-lieu \">Vallon du Salut<\/p>\r\n            <\/div>\r\n          <img loading=\"lazy\" decoding=\"async\" width=\"669\" height=\"1024\" src=\"https:\/\/www.camping-les-fruitiers.com\/wp-content\/uploads\/2024\/09\/AdobeStock_218842884-669x1024.webp\" class=\"attachment-large size-large\" alt=\"\" srcset=\"https:\/\/www.camping-les-fruitiers.com\/wp-content\/uploads\/2024\/09\/AdobeStock_218842884-669x1024.webp 669w, https:\/\/www.camping-les-fruitiers.com\/wp-content\/uploads\/2024\/09\/AdobeStock_218842884-556x850.webp 556w, https:\/\/www.camping-les-fruitiers.com\/wp-content\/uploads\/2024\/09\/AdobeStock_218842884-768x1175.webp 768w, https:\/\/www.camping-les-fruitiers.com\/wp-content\/uploads\/2024\/09\/AdobeStock_218842884-1004x1536.webp 1004w, https:\/\/www.camping-les-fruitiers.com\/wp-content\/uploads\/2024\/09\/AdobeStock_218842884.webp 1255w\" sizes=\"(max-width: 669px) 100vw, 669px\" title=\"\">        <\/article>\r\n              <article class=\"lieu-alentour currentCat visuel\" data-cat=\"wellness\" data-slug=\"thermal-baths-bagneres-de-bigorre\" data-icone=\"\" data-couleur=\"\" data-latitude=\"43.0622219\" data-longitude=\"0.1465763\">\r\n          <div class=\"texte-lieu\">\r\n              <p class=\"categorie-lieu\">\r\n                <span class=\"fc-icon\"><svg xmlns=\"http:\/\/www.w3.org\/2000\/svg\"  viewBox=\"0 0 384 512\" width=\"16px\" height=\"16px\"><!--! Font Awesome Pro 6.4.2 by @fontawesome - https:\/\/fontawesome.com License - https:\/\/fontawesome.com\/license (Commercial License) Copyright 2023 Fonticons, Inc.--><path d=\"M384 192c0 87.4-117 243-168.3 307.2c-12.3 15.3-35.1 15.3-47.4 0C117 435 0 279.4 0 192C0 86 86 0 192 0S384 86 384 192z\"\/><\/svg><\/span>Wellness              <\/p>\r\n              <p class=\"titre-lieu \">Thermal baths of Bagn\u00e8res de Bigorre<\/p>\r\n            <\/div>\r\n          <img loading=\"lazy\" decoding=\"async\" width=\"1024\" height=\"683\" src=\"https:\/\/www.camping-les-fruitiers.com\/wp-content\/uploads\/2024\/09\/AdobeStock_333436896-1024x683.jpg\" class=\"attachment-large size-large\" alt=\"\" srcset=\"https:\/\/www.camping-les-fruitiers.com\/wp-content\/uploads\/2024\/09\/AdobeStock_333436896-1024x683.jpg 1024w, https:\/\/www.camping-les-fruitiers.com\/wp-content\/uploads\/2024\/09\/AdobeStock_333436896-850x567.jpg 850w, https:\/\/www.camping-les-fruitiers.com\/wp-content\/uploads\/2024\/09\/AdobeStock_333436896-768x512.jpg 768w, https:\/\/www.camping-les-fruitiers.com\/wp-content\/uploads\/2024\/09\/AdobeStock_333436896-1536x1024.jpg 1536w, https:\/\/www.camping-les-fruitiers.com\/wp-content\/uploads\/2024\/09\/AdobeStock_333436896.jpg 1920w\" sizes=\"(max-width: 1024px) 100vw, 1024px\" title=\"\">        <\/article>\r\n              <article class=\"lieu-alentour currentCat visuel\" data-cat=\"visit\" data-slug=\"heavy\" data-icone=\"\" data-couleur=\"\" data-latitude=\"43.091463\" data-longitude=\"-0.045726\">\r\n          <div class=\"texte-lieu\">\r\n              <p class=\"categorie-lieu\">\r\n                <span class=\"fc-icon\"><svg xmlns=\"http:\/\/www.w3.org\/2000\/svg\"  viewBox=\"0 0 384 512\" width=\"16px\" height=\"16px\"><!--! Font Awesome Pro 6.4.2 by @fontawesome - https:\/\/fontawesome.com License - https:\/\/fontawesome.com\/license (Commercial License) Copyright 2023 Fonticons, Inc.--><path d=\"M384 192c0 87.4-117 243-168.3 307.2c-12.3 15.3-35.1 15.3-47.4 0C117 435 0 279.4 0 192C0 86 86 0 192 0S384 86 384 192z\"\/><\/svg><\/span>Visit              <\/p>\r\n              <p class=\"titre-lieu \">Lourdes<\/p>\r\n            <\/div>\r\n          <img loading=\"lazy\" decoding=\"async\" width=\"1024\" height=\"682\" src=\"https:\/\/www.camping-les-fruitiers.com\/wp-content\/uploads\/2024\/09\/AdobeStock_120572551-1024x682.jpg\" class=\"attachment-large size-large\" alt=\"\" srcset=\"https:\/\/www.camping-les-fruitiers.com\/wp-content\/uploads\/2024\/09\/AdobeStock_120572551-1024x682.jpg 1024w, https:\/\/www.camping-les-fruitiers.com\/wp-content\/uploads\/2024\/09\/AdobeStock_120572551-850x566.jpg 850w, https:\/\/www.camping-les-fruitiers.com\/wp-content\/uploads\/2024\/09\/AdobeStock_120572551-768x512.jpg 768w, https:\/\/www.camping-les-fruitiers.com\/wp-content\/uploads\/2024\/09\/AdobeStock_120572551-1536x1023.jpg 1536w, https:\/\/www.camping-les-fruitiers.com\/wp-content\/uploads\/2024\/09\/AdobeStock_120572551.jpg 1920w\" sizes=\"(max-width: 1024px) 100vw, 1024px\" title=\"\">        <\/article>\r\n              <article class=\"lieu-alentour currentCat visuel\" data-cat=\"hiking\" data-slug=\"cirque-gavarnie\" data-icone=\"\" data-couleur=\"\" data-latitude=\"42.7002771\" data-longitude=\"-0.0163231\">\r\n          <div class=\"texte-lieu\">\r\n              <p class=\"categorie-lieu\">\r\n                <span class=\"fc-icon\"><svg xmlns=\"http:\/\/www.w3.org\/2000\/svg\"  viewBox=\"0 0 384 512\" width=\"16px\" height=\"16px\"><!--! Font Awesome Pro 6.4.2 by @fontawesome - https:\/\/fontawesome.com License - https:\/\/fontawesome.com\/license (Commercial License) Copyright 2023 Fonticons, Inc.--><path d=\"M384 192c0 87.4-117 243-168.3 307.2c-12.3 15.3-35.1 15.3-47.4 0C117 435 0 279.4 0 192C0 86 86 0 192 0S384 86 384 192z\"\/><\/svg><\/span>Hiking              <\/p>\r\n              <p class=\"titre-lieu \">Cirque de Gavarnie<\/p>\r\n            <\/div>\r\n          <img loading=\"lazy\" decoding=\"async\" width=\"1024\" height=\"683\" src=\"https:\/\/www.camping-les-fruitiers.com\/wp-content\/uploads\/2024\/09\/AdobeStock_282480990-1024x683.jpg\" class=\"attachment-large size-large\" alt=\"\" srcset=\"https:\/\/www.camping-les-fruitiers.com\/wp-content\/uploads\/2024\/09\/AdobeStock_282480990-1024x683.jpg 1024w, https:\/\/www.camping-les-fruitiers.com\/wp-content\/uploads\/2024\/09\/AdobeStock_282480990-850x567.jpg 850w, https:\/\/www.camping-les-fruitiers.com\/wp-content\/uploads\/2024\/09\/AdobeStock_282480990-768x512.jpg 768w, https:\/\/www.camping-les-fruitiers.com\/wp-content\/uploads\/2024\/09\/AdobeStock_282480990-1536x1024.jpg 1536w, https:\/\/www.camping-les-fruitiers.com\/wp-content\/uploads\/2024\/09\/AdobeStock_282480990.jpg 1920w\" sizes=\"(max-width: 1024px) 100vw, 1024px\" title=\"\">        <\/article>\r\n              <article class=\"lieu-alentour currentCat visuel\" data-cat=\"wellness\" data-slug=\"balnea\" data-icone=\"\" data-couleur=\"\" data-latitude=\"42.798833\" data-longitude=\"0.406972\">\r\n          <div class=\"texte-lieu\">\r\n              <p class=\"categorie-lieu\">\r\n                <span class=\"fc-icon\"><svg xmlns=\"http:\/\/www.w3.org\/2000\/svg\"  viewBox=\"0 0 384 512\" width=\"16px\" height=\"16px\"><!--! Font Awesome Pro 6.4.2 by @fontawesome - https:\/\/fontawesome.com License - https:\/\/fontawesome.com\/license (Commercial License) Copyright 2023 Fonticons, Inc.--><path d=\"M384 192c0 87.4-117 243-168.3 307.2c-12.3 15.3-35.1 15.3-47.4 0C117 435 0 279.4 0 192C0 86 86 0 192 0S384 86 384 192z\"\/><\/svg><\/span>Wellness              <\/p>\r\n              <p class=\"titre-lieu \">Baln\u00e9a<\/p>\r\n            <\/div>\r\n          <img loading=\"lazy\" decoding=\"async\" width=\"1024\" height=\"683\" src=\"https:\/\/www.camping-les-fruitiers.com\/wp-content\/uploads\/2024\/09\/AdobeStock_258409344-1024x683.jpg\" class=\"attachment-large size-large\" alt=\"\" srcset=\"https:\/\/www.camping-les-fruitiers.com\/wp-content\/uploads\/2024\/09\/AdobeStock_258409344-1024x683.jpg 1024w, https:\/\/www.camping-les-fruitiers.com\/wp-content\/uploads\/2024\/09\/AdobeStock_258409344-850x567.jpg 850w, https:\/\/www.camping-les-fruitiers.com\/wp-content\/uploads\/2024\/09\/AdobeStock_258409344-768x512.jpg 768w, https:\/\/www.camping-les-fruitiers.com\/wp-content\/uploads\/2024\/09\/AdobeStock_258409344-1536x1024.jpg 1536w, https:\/\/www.camping-les-fruitiers.com\/wp-content\/uploads\/2024\/09\/AdobeStock_258409344.jpg 1920w\" sizes=\"(max-width: 1024px) 100vw, 1024px\" title=\"\">        <\/article>\r\n              <article class=\"lieu-alentour currentCat visuel\" data-cat=\"activity\" data-slug=\"chasm-esparos\" data-icone=\"\" data-couleur=\"\" data-latitude=\"43.0304739\" data-longitude=\"0.3299814\">\r\n          <div class=\"texte-lieu\">\r\n              <p class=\"categorie-lieu\">\r\n                <span class=\"fc-icon\"><svg xmlns=\"http:\/\/www.w3.org\/2000\/svg\"  viewBox=\"0 0 384 512\" width=\"16px\" height=\"16px\"><!--! Font Awesome Pro 6.4.2 by @fontawesome - https:\/\/fontawesome.com License - https:\/\/fontawesome.com\/license (Commercial License) Copyright 2023 Fonticons, Inc.--><path d=\"M384 192c0 87.4-117 243-168.3 307.2c-12.3 15.3-35.1 15.3-47.4 0C117 435 0 279.4 0 192C0 86 86 0 192 0S384 86 384 192z\"\/><\/svg><\/span>Activity              <\/p>\r\n              <p class=\"titre-lieu \">Esparos chasm<\/p>\r\n            <\/div>\r\n          <img loading=\"lazy\" decoding=\"async\" width=\"1024\" height=\"683\" src=\"https:\/\/www.camping-les-fruitiers.com\/wp-content\/uploads\/2024\/09\/AdobeStock_238789102-1024x683.jpg\" class=\"attachment-large size-large\" alt=\"\" srcset=\"https:\/\/www.camping-les-fruitiers.com\/wp-content\/uploads\/2024\/09\/AdobeStock_238789102-1024x683.jpg 1024w, https:\/\/www.camping-les-fruitiers.com\/wp-content\/uploads\/2024\/09\/AdobeStock_238789102-850x567.jpg 850w, https:\/\/www.camping-les-fruitiers.com\/wp-content\/uploads\/2024\/09\/AdobeStock_238789102-768x512.jpg 768w, https:\/\/www.camping-les-fruitiers.com\/wp-content\/uploads\/2024\/09\/AdobeStock_238789102-1536x1025.jpg 1536w, https:\/\/www.camping-les-fruitiers.com\/wp-content\/uploads\/2024\/09\/AdobeStock_238789102.jpg 1920w\" sizes=\"(max-width: 1024px) 100vw, 1024px\" title=\"\">        <\/article>\r\n              <article class=\"lieu-alentour currentCat visuel\" data-cat=\"hiking\" data-slug=\"vierge-du-bedat\" data-icone=\"\" data-couleur=\"\" data-latitude=\"43.0585266\" data-longitude=\"0.1375319\">\r\n          <div class=\"texte-lieu\">\r\n              <p class=\"categorie-lieu\">\r\n                <span class=\"fc-icon\"><svg xmlns=\"http:\/\/www.w3.org\/2000\/svg\"  viewBox=\"0 0 384 512\" width=\"16px\" height=\"16px\"><!--! Font Awesome Pro 6.4.2 by @fontawesome - https:\/\/fontawesome.com License - https:\/\/fontawesome.com\/license (Commercial License) Copyright 2023 Fonticons, Inc.--><path d=\"M384 192c0 87.4-117 243-168.3 307.2c-12.3 15.3-35.1 15.3-47.4 0C117 435 0 279.4 0 192C0 86 86 0 192 0S384 86 384 192z\"\/><\/svg><\/span>Hiking              <\/p>\r\n              <p class=\"titre-lieu \">Vierge du B\u00e9dat<\/p>\r\n            <\/div>\r\n          <img loading=\"lazy\" decoding=\"async\" width=\"1024\" height=\"637\" src=\"https:\/\/www.camping-les-fruitiers.com\/wp-content\/uploads\/2024\/09\/AdobeStock_508117927-1024x637.jpg\" class=\"attachment-large size-large\" alt=\"\" srcset=\"https:\/\/www.camping-les-fruitiers.com\/wp-content\/uploads\/2024\/09\/AdobeStock_508117927-1024x637.jpg 1024w, https:\/\/www.camping-les-fruitiers.com\/wp-content\/uploads\/2024\/09\/AdobeStock_508117927-850x529.jpg 850w, https:\/\/www.camping-les-fruitiers.com\/wp-content\/uploads\/2024\/09\/AdobeStock_508117927-768x478.jpg 768w, https:\/\/www.camping-les-fruitiers.com\/wp-content\/uploads\/2024\/09\/AdobeStock_508117927-1536x956.jpg 1536w, https:\/\/www.camping-les-fruitiers.com\/wp-content\/uploads\/2024\/09\/AdobeStock_508117927.jpg 1920w\" sizes=\"(max-width: 1024px) 100vw, 1024px\" title=\"\">        <\/article>\r\n              <article class=\"lieu-alentour currentCat visuel\" data-cat=\"activity\" data-slug=\"casino\" data-icone=\"\" data-couleur=\"\" data-latitude=\"43.063712\" data-longitude=\"0.1456973\">\r\n          <div class=\"texte-lieu\">\r\n              <p class=\"categorie-lieu\">\r\n                <span class=\"fc-icon\"><svg xmlns=\"http:\/\/www.w3.org\/2000\/svg\"  viewBox=\"0 0 384 512\" width=\"16px\" height=\"16px\"><!--! Font Awesome Pro 6.4.2 by @fontawesome - https:\/\/fontawesome.com License - https:\/\/fontawesome.com\/license (Commercial License) Copyright 2023 Fonticons, Inc.--><path d=\"M384 192c0 87.4-117 243-168.3 307.2c-12.3 15.3-35.1 15.3-47.4 0C117 435 0 279.4 0 192C0 86 86 0 192 0S384 86 384 192z\"\/><\/svg><\/span>Activity              <\/p>\r\n              <p class=\"titre-lieu \">Casino<\/p>\r\n            <\/div>\r\n          <img loading=\"lazy\" decoding=\"async\" width=\"1024\" height=\"668\" src=\"https:\/\/www.camping-les-fruitiers.com\/wp-content\/uploads\/2024\/09\/AdobeStock_7220947-1024x668.jpg\" class=\"attachment-large size-large\" alt=\"\" srcset=\"https:\/\/www.camping-les-fruitiers.com\/wp-content\/uploads\/2024\/09\/AdobeStock_7220947-1024x668.jpg 1024w, https:\/\/www.camping-les-fruitiers.com\/wp-content\/uploads\/2024\/09\/AdobeStock_7220947-850x555.jpg 850w, https:\/\/www.camping-les-fruitiers.com\/wp-content\/uploads\/2024\/09\/AdobeStock_7220947-768x501.jpg 768w, https:\/\/www.camping-les-fruitiers.com\/wp-content\/uploads\/2024\/09\/AdobeStock_7220947-1536x1002.jpg 1536w, https:\/\/www.camping-les-fruitiers.com\/wp-content\/uploads\/2024\/09\/AdobeStock_7220947.jpg 1920w\" sizes=\"(max-width: 1024px) 100vw, 1024px\" title=\"\">        <\/article>\r\n              <article class=\"lieu-alentour currentCat visuel\" data-cat=\"wellness\" data-slug=\"baths-du-rocher\" data-icone=\"\" data-couleur=\"\" data-latitude=\"42.8895667\" data-longitude=\"-0.1120208\">\r\n          <div class=\"texte-lieu\">\r\n              <p class=\"categorie-lieu\">\r\n                <span class=\"fc-icon\"><svg xmlns=\"http:\/\/www.w3.org\/2000\/svg\"  viewBox=\"0 0 384 512\" width=\"16px\" height=\"16px\"><!--! Font Awesome Pro 6.4.2 by @fontawesome - https:\/\/fontawesome.com License - https:\/\/fontawesome.com\/license (Commercial License) Copyright 2023 Fonticons, Inc.--><path d=\"M384 192c0 87.4-117 243-168.3 307.2c-12.3 15.3-35.1 15.3-47.4 0C117 435 0 279.4 0 192C0 86 86 0 192 0S384 86 384 192z\"\/><\/svg><\/span>Wellness              <\/p>\r\n              <p class=\"titre-lieu \">Rock baths<\/p>\r\n            <\/div>\r\n          <img loading=\"lazy\" decoding=\"async\" width=\"1024\" height=\"683\" src=\"https:\/\/www.camping-les-fruitiers.com\/wp-content\/uploads\/2024\/09\/ok-AdobeStock_162954367-1024x683.jpg\" class=\"attachment-large size-large\" alt=\"\" srcset=\"https:\/\/www.camping-les-fruitiers.com\/wp-content\/uploads\/2024\/09\/ok-AdobeStock_162954367-1024x683.jpg 1024w, https:\/\/www.camping-les-fruitiers.com\/wp-content\/uploads\/2024\/09\/ok-AdobeStock_162954367-850x567.jpg 850w, https:\/\/www.camping-les-fruitiers.com\/wp-content\/uploads\/2024\/09\/ok-AdobeStock_162954367-768x512.jpg 768w, https:\/\/www.camping-les-fruitiers.com\/wp-content\/uploads\/2024\/09\/ok-AdobeStock_162954367-1536x1024.jpg 1536w, https:\/\/www.camping-les-fruitiers.com\/wp-content\/uploads\/2024\/09\/ok-AdobeStock_162954367.jpg 1920w\" sizes=\"(max-width: 1024px) 100vw, 1024px\" title=\"\">        <\/article>\r\n              <article class=\"lieu-alentour currentCat visuel\" data-cat=\"hiking\" data-slug=\"payolle\" data-icone=\"\" data-couleur=\"\" data-latitude=\"42.934444\" data-longitude=\"0.297222\">\r\n          <div class=\"texte-lieu\">\r\n              <p class=\"categorie-lieu\">\r\n                <span class=\"fc-icon\"><svg xmlns=\"http:\/\/www.w3.org\/2000\/svg\"  viewBox=\"0 0 384 512\" width=\"16px\" height=\"16px\"><!--! Font Awesome Pro 6.4.2 by @fontawesome - https:\/\/fontawesome.com License - https:\/\/fontawesome.com\/license (Commercial License) Copyright 2023 Fonticons, Inc.--><path d=\"M384 192c0 87.4-117 243-168.3 307.2c-12.3 15.3-35.1 15.3-47.4 0C117 435 0 279.4 0 192C0 86 86 0 192 0S384 86 384 192z\"\/><\/svg><\/span>Hiking              <\/p>\r\n              <p class=\"titre-lieu \">Payolle<\/p>\r\n            <\/div>\r\n          <img loading=\"lazy\" decoding=\"async\" width=\"1024\" height=\"683\" src=\"https:\/\/www.camping-les-fruitiers.com\/wp-content\/uploads\/2024\/09\/AdobeStock_180626836-1024x683.jpg\" class=\"attachment-large size-large\" alt=\"\" srcset=\"https:\/\/www.camping-les-fruitiers.com\/wp-content\/uploads\/2024\/09\/AdobeStock_180626836-1024x683.jpg 1024w, https:\/\/www.camping-les-fruitiers.com\/wp-content\/uploads\/2024\/09\/AdobeStock_180626836-850x567.jpg 850w, https:\/\/www.camping-les-fruitiers.com\/wp-content\/uploads\/2024\/09\/AdobeStock_180626836-768x512.jpg 768w, https:\/\/www.camping-les-fruitiers.com\/wp-content\/uploads\/2024\/09\/AdobeStock_180626836-1536x1025.jpg 1536w, https:\/\/www.camping-les-fruitiers.com\/wp-content\/uploads\/2024\/09\/AdobeStock_180626836.jpg 1920w\" sizes=\"(max-width: 1024px) 100vw, 1024px\" title=\"\">        <\/article>\r\n              <article class=\"lieu-alentour currentCat visuel\" data-cat=\"visit\" data-slug=\"castle-mauvezin\" data-icone=\"\" data-couleur=\"\" data-latitude=\"43.1185917\" data-longitude=\"0.2764444\">\r\n          <div class=\"texte-lieu\">\r\n              <p class=\"categorie-lieu\">\r\n                <span class=\"fc-icon\"><svg xmlns=\"http:\/\/www.w3.org\/2000\/svg\"  viewBox=\"0 0 384 512\" width=\"16px\" height=\"16px\"><!--! Font Awesome Pro 6.4.2 by @fontawesome - https:\/\/fontawesome.com License - https:\/\/fontawesome.com\/license (Commercial License) Copyright 2023 Fonticons, Inc.--><path d=\"M384 192c0 87.4-117 243-168.3 307.2c-12.3 15.3-35.1 15.3-47.4 0C117 435 0 279.4 0 192C0 86 86 0 192 0S384 86 384 192z\"\/><\/svg><\/span>Visit              <\/p>\r\n              <p class=\"titre-lieu \">Mauvezin Castle<\/p>\r\n            <\/div>\r\n          <img loading=\"lazy\" decoding=\"async\" width=\"1024\" height=\"681\" src=\"https:\/\/www.camping-les-fruitiers.com\/wp-content\/uploads\/2024\/09\/AdobeStock_402031572-1024x681.jpg\" class=\"attachment-large size-large\" alt=\"\" srcset=\"https:\/\/www.camping-les-fruitiers.com\/wp-content\/uploads\/2024\/09\/AdobeStock_402031572-1024x681.jpg 1024w, https:\/\/www.camping-les-fruitiers.com\/wp-content\/uploads\/2024\/09\/AdobeStock_402031572-850x565.jpg 850w, https:\/\/www.camping-les-fruitiers.com\/wp-content\/uploads\/2024\/09\/AdobeStock_402031572-768x510.jpg 768w, https:\/\/www.camping-les-fruitiers.com\/wp-content\/uploads\/2024\/09\/AdobeStock_402031572-1536x1021.jpg 1536w, https:\/\/www.camping-les-fruitiers.com\/wp-content\/uploads\/2024\/09\/AdobeStock_402031572.jpg 1920w\" sizes=\"(max-width: 1024px) 100vw, 1024px\" title=\"\">        <\/article>\r\n              <article class=\"lieu-alentour currentCat visuel\" data-cat=\"wellness\" data-slug=\"aquensis\" data-icone=\"\" data-couleur=\"\" data-latitude=\"43.064136\" data-longitude=\"0.1454991\">\r\n          <div class=\"texte-lieu\">\r\n              <p class=\"categorie-lieu\">\r\n                <span class=\"fc-icon\"><svg xmlns=\"http:\/\/www.w3.org\/2000\/svg\"  viewBox=\"0 0 384 512\" width=\"16px\" height=\"16px\"><!--! Font Awesome Pro 6.4.2 by @fontawesome - https:\/\/fontawesome.com License - https:\/\/fontawesome.com\/license (Commercial License) Copyright 2023 Fonticons, Inc.--><path d=\"M384 192c0 87.4-117 243-168.3 307.2c-12.3 15.3-35.1 15.3-47.4 0C117 435 0 279.4 0 192C0 86 86 0 192 0S384 86 384 192z\"\/><\/svg><\/span>Wellness              <\/p>\r\n              <p class=\"titre-lieu \">Aquensis<\/p>\r\n            <\/div>\r\n          <img loading=\"lazy\" decoding=\"async\" width=\"1024\" height=\"683\" src=\"https:\/\/www.camping-les-fruitiers.com\/wp-content\/uploads\/2024\/09\/ok-AdobeStock_101646651-1024x683.jpg\" class=\"attachment-large size-large\" alt=\"\" srcset=\"https:\/\/www.camping-les-fruitiers.com\/wp-content\/uploads\/2024\/09\/ok-AdobeStock_101646651-1024x683.jpg 1024w, https:\/\/www.camping-les-fruitiers.com\/wp-content\/uploads\/2024\/09\/ok-AdobeStock_101646651-850x567.jpg 850w, https:\/\/www.camping-les-fruitiers.com\/wp-content\/uploads\/2024\/09\/ok-AdobeStock_101646651-768x512.jpg 768w, https:\/\/www.camping-les-fruitiers.com\/wp-content\/uploads\/2024\/09\/ok-AdobeStock_101646651-1536x1024.jpg 1536w, https:\/\/www.camping-les-fruitiers.com\/wp-content\/uploads\/2024\/09\/ok-AdobeStock_101646651.jpg 1920w\" sizes=\"(max-width: 1024px) 100vw, 1024px\" title=\"\">        <\/article>\r\n              <article class=\"lieu-alentour currentCat visuel\" data-cat=\"visit\" data-slug=\"abbey-escaldieu\" data-icone=\"\" data-couleur=\"\" data-latitude=\"43.1099763\" data-longitude=\"0.2575716\">\r\n          <div class=\"texte-lieu\">\r\n              <p class=\"categorie-lieu\">\r\n                <span class=\"fc-icon\"><svg xmlns=\"http:\/\/www.w3.org\/2000\/svg\"  viewBox=\"0 0 384 512\" width=\"16px\" height=\"16px\"><!--! Font Awesome Pro 6.4.2 by @fontawesome - https:\/\/fontawesome.com License - https:\/\/fontawesome.com\/license (Commercial License) Copyright 2023 Fonticons, Inc.--><path d=\"M384 192c0 87.4-117 243-168.3 307.2c-12.3 15.3-35.1 15.3-47.4 0C117 435 0 279.4 0 192C0 86 86 0 192 0S384 86 384 192z\"\/><\/svg><\/span>Visit              <\/p>\r\n              <p class=\"titre-lieu \">Escaldieu Abbey<\/p>\r\n            <\/div>\r\n          <img loading=\"lazy\" decoding=\"async\" width=\"1024\" height=\"682\" src=\"https:\/\/www.camping-les-fruitiers.com\/wp-content\/uploads\/2024\/09\/AdobeStock_44203335-1024x682.jpg\" class=\"attachment-large size-large\" alt=\"\" srcset=\"https:\/\/www.camping-les-fruitiers.com\/wp-content\/uploads\/2024\/09\/AdobeStock_44203335-1024x682.jpg 1024w, https:\/\/www.camping-les-fruitiers.com\/wp-content\/uploads\/2024\/09\/AdobeStock_44203335-850x566.jpg 850w, https:\/\/www.camping-les-fruitiers.com\/wp-content\/uploads\/2024\/09\/AdobeStock_44203335-768x512.jpg 768w, https:\/\/www.camping-les-fruitiers.com\/wp-content\/uploads\/2024\/09\/AdobeStock_44203335-1536x1023.jpg 1536w, https:\/\/www.camping-les-fruitiers.com\/wp-content\/uploads\/2024\/09\/AdobeStock_44203335.jpg 1920w\" sizes=\"(max-width: 1024px) 100vw, 1024px\" title=\"\">        <\/article>\r\n              <article class=\"lieu-alentour currentCat visuel\" data-cat=\"activity\" data-slug=\"cave-medous\" data-icone=\"\" data-couleur=\"\" data-latitude=\"43.0425867\" data-longitude=\"0.1601091\">\r\n          <div class=\"texte-lieu\">\r\n              <p class=\"categorie-lieu\">\r\n                <span class=\"fc-icon\"><svg xmlns=\"http:\/\/www.w3.org\/2000\/svg\"  viewBox=\"0 0 384 512\" width=\"16px\" height=\"16px\"><!--! Font Awesome Pro 6.4.2 by @fontawesome - https:\/\/fontawesome.com License - https:\/\/fontawesome.com\/license (Commercial License) Copyright 2023 Fonticons, Inc.--><path d=\"M384 192c0 87.4-117 243-168.3 307.2c-12.3 15.3-35.1 15.3-47.4 0C117 435 0 279.4 0 192C0 86 86 0 192 0S384 86 384 192z\"\/><\/svg><\/span>Activity              <\/p>\r\n              <p class=\"titre-lieu \">M\u00e9dous cave<\/p>\r\n            <\/div>\r\n          <img loading=\"lazy\" decoding=\"async\" width=\"1024\" height=\"683\" src=\"https:\/\/www.camping-les-fruitiers.com\/wp-content\/uploads\/2024\/09\/AdobeStock_64249233-1024x683.jpg\" class=\"attachment-large size-large\" alt=\"\" srcset=\"https:\/\/www.camping-les-fruitiers.com\/wp-content\/uploads\/2024\/09\/AdobeStock_64249233-1024x683.jpg 1024w, https:\/\/www.camping-les-fruitiers.com\/wp-content\/uploads\/2024\/09\/AdobeStock_64249233-850x567.jpg 850w, https:\/\/www.camping-les-fruitiers.com\/wp-content\/uploads\/2024\/09\/AdobeStock_64249233-768x512.jpg 768w, https:\/\/www.camping-les-fruitiers.com\/wp-content\/uploads\/2024\/09\/AdobeStock_64249233-1536x1024.jpg 1536w, https:\/\/www.camping-les-fruitiers.com\/wp-content\/uploads\/2024\/09\/AdobeStock_64249233.jpg 1920w\" sizes=\"(max-width: 1024px) 100vw, 1024px\" title=\"\">        <\/article>\r\n              <article class=\"lieu-alentour currentCat visuel\" data-cat=\"hiking\" data-slug=\"pic-du-midi\" data-icone=\"\" data-couleur=\"\" data-latitude=\"42.843167\" data-longitude=\"-0.438154\">\r\n          <div class=\"texte-lieu\">\r\n              <p class=\"categorie-lieu\">\r\n                <span class=\"fc-icon\"><svg xmlns=\"http:\/\/www.w3.org\/2000\/svg\"  viewBox=\"0 0 384 512\" width=\"16px\" height=\"16px\"><!--! Font Awesome Pro 6.4.2 by @fontawesome - https:\/\/fontawesome.com License - https:\/\/fontawesome.com\/license (Commercial License) Copyright 2023 Fonticons, Inc.--><path d=\"M384 192c0 87.4-117 243-168.3 307.2c-12.3 15.3-35.1 15.3-47.4 0C117 435 0 279.4 0 192C0 86 86 0 192 0S384 86 384 192z\"\/><\/svg><\/span>Hiking              <\/p>\r\n              <p class=\"titre-lieu \">Pic du Midi<\/p>\r\n            <\/div>\r\n          <img loading=\"lazy\" decoding=\"async\" width=\"1024\" height=\"479\" src=\"https:\/\/www.camping-les-fruitiers.com\/wp-content\/uploads\/2024\/09\/AdobeStock_271205794-1024x479.jpeg\" class=\"attachment-large size-large\" alt=\"\" srcset=\"https:\/\/www.camping-les-fruitiers.com\/wp-content\/uploads\/2024\/09\/AdobeStock_271205794-1024x479.jpeg 1024w, https:\/\/www.camping-les-fruitiers.com\/wp-content\/uploads\/2024\/09\/AdobeStock_271205794-850x398.jpeg 850w, https:\/\/www.camping-les-fruitiers.com\/wp-content\/uploads\/2024\/09\/AdobeStock_271205794-768x360.jpeg 768w, https:\/\/www.camping-les-fruitiers.com\/wp-content\/uploads\/2024\/09\/AdobeStock_271205794-1536x719.jpeg 1536w, https:\/\/www.camping-les-fruitiers.com\/wp-content\/uploads\/2024\/09\/AdobeStock_271205794.jpeg 1920w\" sizes=\"(max-width: 1024px) 100vw, 1024px\" title=\"\">        <\/article>\r\n          <\/div>\r\n    <div id='page_navigation'><\/div>\r\n  <\/div>\r\n\r\n  <div id=\"map-alentours\" class=\"wp-block-column\">\r\n    <div id=\"map\"><\/div>\r\n  <\/div>\r\n\r\n<\/section>\r\n\r\n<div class=\"columns sec-10\"><div class=\"columns__item sec-10__img hide-mob\"><div class=\"gallery\"><figure class=\"gallery__item parallax-down\"><picture><source srcset=\"https:\/\/www.camping-les-fruitiers.com\/wp-content\/uploads\/2024\/09\/AdobeStock_226548502-ok-420x420.jpg.webp\" media=\"(max-width: 210px)\"><source srcset=\"https:\/\/www.camping-les-fruitiers.com\/wp-content\/uploads\/2024\/09\/AdobeStock_226548502-ok-850x567.jpg.webp\" media=\"(max-width: 420px)\"><source srcset=\"https:\/\/www.camping-les-fruitiers.com\/wp-content\/uploads\/2024\/09\/AdobeStock_226548502-ok-768x512.jpg.webp\" media=\"(max-width: 850px)\"><source srcset=\"https:\/\/www.camping-les-fruitiers.com\/wp-content\/uploads\/2024\/09\/AdobeStock_226548502-ok-1024x683.jpg.webp\" media=\"(max-width: 1024px)\"><source srcset=\"https:\/\/www.camping-les-fruitiers.com\/wp-content\/uploads\/2024\/09\/AdobeStock_226548502-ok.jpg.webp\" media=\"(min-width: 1025px)\"><img decoding=\"async\" src=\"https:\/\/www.camping-les-fruitiers.com\/wp-content\/uploads\/2024\/09\/AdobeStock_226548502-ok-420x420.jpg.webp\" width=\"420\" height=\"210\" alt=\"panorama of Col du Tourmalet in pyrenees mountains\" loading=\"lazy\" title=\"\"><\/picture><\/figure><figure class=\"gallery__item parallax-up\"><picture><source srcset=\"https:\/\/www.camping-les-fruitiers.com\/wp-content\/uploads\/2024\/09\/AdobeStock_507687360-ok-420x420.jpg.webp\" media=\"(max-width: 210px)\"><source srcset=\"https:\/\/www.camping-les-fruitiers.com\/wp-content\/uploads\/2024\/09\/AdobeStock_507687360-ok-850x477.jpg.webp\" media=\"(max-width: 420px)\"><source srcset=\"https:\/\/www.camping-les-fruitiers.com\/wp-content\/uploads\/2024\/09\/AdobeStock_507687360-ok-768x431.jpg.webp\" media=\"(max-width: 850px)\"><source srcset=\"https:\/\/www.camping-les-fruitiers.com\/wp-content\/uploads\/2024\/09\/AdobeStock_507687360-ok-1024x575.jpg.webp\" media=\"(max-width: 1024px)\"><source srcset=\"https:\/\/www.camping-les-fruitiers.com\/wp-content\/uploads\/2024\/09\/AdobeStock_507687360-ok.jpg.webp\" media=\"(min-width: 1025px)\"><img decoding=\"async\" src=\"https:\/\/www.camping-les-fruitiers.com\/wp-content\/uploads\/2024\/09\/AdobeStock_507687360-ok-420x420.jpg.webp\" width=\"420\" height=\"210\" loading=\"lazy\" alt=\"\" title=\"\"><\/picture><\/figure><\/div><\/div><div class=\"columns__item\"><h2 class=\"fade-up\">I&#8217;m on the spot<\/h2><p    >To recuperate from a day of sport or enjoy the nearby surroundings, you can :<\/p><ul><li>Relax and pamper yourself at Aquensis<\/li><li>Go to Les Coustous to discover its market and market hall district and sample local produce (porc noir de Bigorre, Tr\u00e9bons onions, etc.).<\/li><li>Visit the M\u00e9dous caves and observe its galleries from a boat<\/li><li>Try your luck at the Casino for the gamblers, or eat out at the restaurant for the gourmets.<\/li><li>Discover the town&#8217;s museums: Mus\u00e9e Salies, Mus\u00e9e d&#8217;Histoire Naturelle and Mus\u00e9e du Marbre<\/li><li>Take a family stroll through the Vallon du Salut or take a photo from the All\u00e9es dramatiques or the Vierge du B\u00e9dat.<\/li><\/ul><\/div><\/div><div class=\"group sec-20 align-full has-fond-background-color has-background\" style=\"background-color:var(--fond);\"><div class=\"columns reverse-mob\"><div class=\"columns__item\"><h2 class=\"large fade-up\">I discover nearby<\/h2><p    >These genuine Pyrenean treasures can be discovered by the day or integrated into a short or medium-term stay:<\/p><ul><li>The Pic du Midi at 2,877 m, with its observatory, panoramic terrace and glass pontoon in the sky.<\/li><li>Payolle, also known as Petit Canada, with its majestic lake surrounded by fir forests and vast stretches of wilderness.<\/li><li>Lourdes, with its Ch\u00e2teau Fort and Pyrenean Museum of Arts and Traditions, its sanctuary and the Grotte de Massabielle.<\/li><\/ul><div class=\"lireplus fc-desk\"><p    >Read more<\/p><div class=\"group\"><ul><li>The Cistercian Abbey of l&#8217;Escaladieu, at the foot of the Ch\u00e2teau de Mauvezin and founded around 1140  <\/li><li>Ch\u00e2teau de Mauvezin, a fortress built in the Middle Ages by Gaston Febus and a venue for medieval events during the summer.<\/li><li>Le Gouffre d&#8217;Esparros, Grottes de B\u00e9tharam or de Gargas<\/li><li>Saint-Bertrand-de-Comminges and the peaceful Saint-Just basilica in Valcabr\u00e8re<\/li><li>The Unesco World Heritage-listed Cirque de Gavarnie, the Pont d&#8217;Espagne and Lac de Gaube in Cauterets, also famous for its berlingots.<\/li><li>The Parc Animalier des Pyr\u00e9n\u00e9es, home to bears, wolves and isards<\/li><\/ul><\/div><\/div><\/div><div class=\"columns__item sec-20__img\"><figure class=\"parallax-down\"><picture><source srcset=\"https:\/\/www.camping-les-fruitiers.com\/wp-content\/uploads\/2024\/09\/AdobeStock_107126778-ok-420x420.jpg.webp\" media=\"(max-width: 210px)\"><source srcset=\"https:\/\/www.camping-les-fruitiers.com\/wp-content\/uploads\/2024\/09\/AdobeStock_107126778-ok-568x850.jpg.webp\" media=\"(max-width: 420px)\"><source srcset=\"https:\/\/www.camping-les-fruitiers.com\/wp-content\/uploads\/2024\/09\/AdobeStock_107126778-ok-768x1150.jpg.webp\" media=\"(max-width: 850px)\"><source srcset=\"https:\/\/www.camping-les-fruitiers.com\/wp-content\/uploads\/2024\/09\/AdobeStock_107126778-ok-684x1024.jpg.webp\" media=\"(max-width: 1024px)\"><source srcset=\"https:\/\/www.camping-les-fruitiers.com\/wp-content\/uploads\/2024\/09\/AdobeStock_107126778-ok-scaled.jpg.webp\" media=\"(min-width: 1025px)\"><img decoding=\"async\" src=\"https:\/\/www.camping-les-fruitiers.com\/wp-content\/uploads\/2024\/09\/AdobeStock_107126778-ok-420x420.jpg.webp\" width=\"420\" height=\"210\" alt=\"The Pic du Midi d Ossau, Ossau Valley, Pyrenees, France\" loading=\"lazy\" title=\"\"><\/picture><\/figure><\/div><\/div><figure class=\"parallax-up\"><picture><source srcset=\"https:\/\/www.camping-les-fruitiers.com\/wp-content\/uploads\/2024\/09\/AdobeStock_180626836-420x420.jpg.webp\" media=\"(max-width: 210px)\"><source srcset=\"https:\/\/www.camping-les-fruitiers.com\/wp-content\/uploads\/2024\/09\/AdobeStock_180626836-850x567.jpg.webp\" media=\"(max-width: 420px)\"><source srcset=\"https:\/\/www.camping-les-fruitiers.com\/wp-content\/uploads\/2024\/09\/AdobeStock_180626836-768x512.jpg.webp\" media=\"(max-width: 850px)\"><source srcset=\"https:\/\/www.camping-les-fruitiers.com\/wp-content\/uploads\/2024\/09\/AdobeStock_180626836-1024x683.jpg.webp\" media=\"(max-width: 1024px)\"><source srcset=\"https:\/\/www.camping-les-fruitiers.com\/wp-content\/uploads\/2024\/09\/AdobeStock_180626836.jpg.webp\" media=\"(min-width: 1025px)\"><img decoding=\"async\" src=\"https:\/\/www.camping-les-fruitiers.com\/wp-content\/uploads\/2024\/09\/AdobeStock_180626836-420x420.jpg.webp\" width=\"420\" height=\"210\" alt=\"a lake of Payolle in the french Pyrenees\" loading=\"lazy\" title=\"\"><\/picture><\/figure><\/div><div class=\"columns sec-25\" style=\"align-items:center;\"><div class=\"columns__item parallax-down\" style=\"align-self:center;\"><figure class=\"hide-mob\"><picture><source srcset=\"https:\/\/www.camping-les-fruitiers.com\/wp-content\/uploads\/2024\/09\/AdobeStock_222190907-ok-420x420.jpg.webp\" media=\"(max-width: 210px)\"><source srcset=\"https:\/\/www.camping-les-fruitiers.com\/wp-content\/uploads\/2024\/09\/AdobeStock_222190907-ok-567x850.jpg.webp\" media=\"(max-width: 420px)\"><source srcset=\"https:\/\/www.camping-les-fruitiers.com\/wp-content\/uploads\/2024\/09\/AdobeStock_222190907-ok-768x1152.jpg.webp\" media=\"(max-width: 850px)\"><source srcset=\"https:\/\/www.camping-les-fruitiers.com\/wp-content\/uploads\/2024\/09\/AdobeStock_222190907-ok-683x1024.jpg.webp\" media=\"(max-width: 1024px)\"><source srcset=\"https:\/\/www.camping-les-fruitiers.com\/wp-content\/uploads\/2024\/09\/AdobeStock_222190907-ok-scaled.jpg.webp\" media=\"(min-width: 1025px)\"><img decoding=\"async\" src=\"https:\/\/www.camping-les-fruitiers.com\/wp-content\/uploads\/2024\/09\/AdobeStock_222190907-ok-420x420.jpg.webp\" width=\"420\" height=\"210\" loading=\"lazy\" alt=\"\" title=\"\"><\/picture><\/figure><p    >Whether you&#8217;re an amateur or an experienced sportsman, there&#8217;s something for everyone in Bagn\u00e8res and the surrounding area, whether you&#8217;re on your own, with friends or family:<\/p><ul><li>Downhill skiing or snowboarding at Grand Tourmalet, the first ski area in the Pyrenees to include the villages of Bar\u00e8ges and La Mongie. For the more adventurous, plan a supervised descent of the Pic du Midi. <\/li><li>Cross-country skiing, snowshoeing or dog sledding at Payolle.<\/li><\/ul><div class=\"lireplus fc-desk\"><p    >Read more<\/p><div class=\"group\"><ul><li>Cycle the legendary Tour de France passes, such as Aspin and Tourmalet, close to the campsite, or the neighboring valleys of Soulor, Aubisque and Peyresourde, and mountain bike on the many marked trails.<\/li><li>Family walks, Nordic walking or more challenging hikes to discover the many lakes and peaks, or along the countless GR10 trails.<\/li><\/ul><p    >&#8230; but also: the Aya acrobatic park, via ferrata in a canyon carved out by the Adour river, mountain climbing, paragliding in the Campan valley, golf and mini-golf in Bagn\u00e8res and trout fishing!<\/p><\/div><\/div><\/div><div class=\"columns__item parallax-up\" style=\"align-self:center;\"><h2 class=\"fade-up hide-mob\">I do sport<\/h2><figure class=\"hide-mob\"><picture><source srcset=\"https:\/\/www.camping-les-fruitiers.com\/wp-content\/uploads\/2024\/09\/AdobeStock_500601297-ok-420x420.jpg.webp\" media=\"(max-width: 210px)\"><source srcset=\"https:\/\/www.camping-les-fruitiers.com\/wp-content\/uploads\/2024\/09\/AdobeStock_500601297-ok-566x850.jpg.webp\" media=\"(max-width: 420px)\"><source srcset=\"https:\/\/www.camping-les-fruitiers.com\/wp-content\/uploads\/2024\/09\/AdobeStock_500601297-ok-768x1154.jpg.webp\" media=\"(max-width: 850px)\"><source srcset=\"https:\/\/www.camping-les-fruitiers.com\/wp-content\/uploads\/2024\/09\/AdobeStock_500601297-ok-681x1024.jpg.webp\" media=\"(max-width: 1024px)\"><source srcset=\"https:\/\/www.camping-les-fruitiers.com\/wp-content\/uploads\/2024\/09\/AdobeStock_500601297-ok-scaled.jpg.webp\" media=\"(min-width: 1025px)\"><img decoding=\"async\" src=\"https:\/\/www.camping-les-fruitiers.com\/wp-content\/uploads\/2024\/09\/AdobeStock_500601297-ok-420x420.jpg.webp\" width=\"420\" height=\"210\" loading=\"lazy\" alt=\"\" title=\"\"><\/picture><\/figure><figure><picture><source srcset=\"https:\/\/www.camping-les-fruitiers.com\/wp-content\/uploads\/2024\/09\/AdobeStock_519146113-ok-420x420.jpg.webp\" media=\"(max-width: 210px)\"><source srcset=\"https:\/\/www.camping-les-fruitiers.com\/wp-content\/uploads\/2024\/09\/AdobeStock_519146113-ok-850x566.jpg.webp\" media=\"(max-width: 420px)\"><source srcset=\"https:\/\/www.camping-les-fruitiers.com\/wp-content\/uploads\/2024\/09\/AdobeStock_519146113-ok-768x512.jpg.webp\" media=\"(max-width: 850px)\"><source srcset=\"https:\/\/www.camping-les-fruitiers.com\/wp-content\/uploads\/2024\/09\/AdobeStock_519146113-ok-1024x682.jpg.webp\" media=\"(max-width: 1024px)\"><source srcset=\"https:\/\/www.camping-les-fruitiers.com\/wp-content\/uploads\/2024\/09\/AdobeStock_519146113-ok.jpg.webp\" media=\"(min-width: 1025px)\"><img decoding=\"async\" src=\"https:\/\/www.camping-les-fruitiers.com\/wp-content\/uploads\/2024\/09\/AdobeStock_519146113-ok-420x420.jpg.webp\" width=\"420\" height=\"210\" alt=\"hikers on the trail, Ascending towards Hourgade Peak, L\u00b4Ourtiga, Luchon, Pyrenean mountain range, France\" loading=\"lazy\" title=\"\"><\/picture><\/figure><\/div><\/div><div class=\"group sec-30\" data-fc=\"\"><h2 class=\"large fade-up\">I enjoy myself<\/h2><p    >A number of sporting and cultural events take place in and around the town, including :<\/p><ul><li>WE des Arts de la Rue<\/li><li>Festival Piano Pic<\/li><li>Big Bag Festival<\/li><li>Pyrenean Book Fair<\/li><li>Concert by Les Chanteurs Montagnards<\/li><li>Tennis International<\/li><li>Tour de France<\/li><\/ul><\/div><div class=\"cover is-fixed show-mob align-full\" style=\"background-position-x:5%;background-position-y:5%;\" data-bgimage=\"https:\/\/www.camping-les-fruitiers.com\/wp-content\/uploads\/2024\/09\/AdobeStock_8647227-ok.jpg.webp\" data-bgimagexs=\"https:\/\/www.camping-les-fruitiers.com\/wp-content\/uploads\/2024\/09\/AdobeStock_8647227-ok-768x514.jpg.webp\"><span style=\"filter: opacity(50%); background-color:var(--#667480);\"><\/span><div class=\"cover__inner\"><p  style=\"text-align: center;\"  ><\/p><\/div><\/div><div class=\"group sec-20 align-full has-fond-background-color has-background\" style=\"background-color:var(--fond);\"><div class=\"columns\"><div class=\"columns__item\"><h2 class=\"fade-up\">I take care of myself<\/h2><p    >Need to feel better or want to take it easy? You&#8217;ll find a wide range of wellness establishments: <\/p><ul><li>Les Grands Thermes de Bagn\u00e8res-de-Bigorre<\/li><li>TheAquensis thermo-ludic center in Bagn\u00e8res-de-Bigorre<\/li><li>The Edenvik balneotherapy center in Capvern-les-Bains<\/li><li>Les Bains du Rocher spa and leisure center in Cauterets<\/li><li>The Baln\u00e9a spa and leisure center in Louvenvielle<\/li><\/ul><div class=\"lireplus fc-desk\"><p    >Read more<\/p><div class=\"group\"><p    ><strong>Did you know?<\/strong><br\/>The thermal waters of Bagn\u00e8res-de-Bigorre are naturally warm and rich in calcium, sulfate and magnesium.<br\/>The Grands Thermes de Bagn\u00e8res de Bigorre are the ideal solution for a wide range of pathologies: rheumatology and fibromyalgia, arthritis, sciatica, algodystrophies, osteoporosis, respiratory and ENT tracts, asthma, chronic bronchitis, psychosomatic affections linked to stress, overwork and sleep disorders&#8230;<br\/>Aquensis and its thermo-ludic and wellness area are just a few steps away from the Grands Thermes. A place where thermal water in its most varied forms offers pools, steam rooms, saunas and jacuzzis. <\/p><\/div><\/div><\/div><div class=\"columns__item sec-20__img\"><figure class=\"parallax-down\"><picture><source srcset=\"https:\/\/www.camping-les-fruitiers.com\/wp-content\/uploads\/2024\/09\/ok-AdobeStock_162954367-420x420.jpg.webp\" media=\"(max-width: 210px)\"><source srcset=\"https:\/\/www.camping-les-fruitiers.com\/wp-content\/uploads\/2024\/09\/ok-AdobeStock_162954367-850x567.jpg.webp\" media=\"(max-width: 420px)\"><source srcset=\"https:\/\/www.camping-les-fruitiers.com\/wp-content\/uploads\/2024\/09\/ok-AdobeStock_162954367-768x512.jpg.webp\" media=\"(max-width: 850px)\"><source srcset=\"https:\/\/www.camping-les-fruitiers.com\/wp-content\/uploads\/2024\/09\/ok-AdobeStock_162954367-1024x683.jpg.webp\" media=\"(max-width: 1024px)\"><source srcset=\"https:\/\/www.camping-les-fruitiers.com\/wp-content\/uploads\/2024\/09\/ok-AdobeStock_162954367.jpg.webp\" media=\"(min-width: 1025px)\"><img decoding=\"async\" src=\"https:\/\/www.camping-les-fruitiers.com\/wp-content\/uploads\/2024\/09\/ok-AdobeStock_162954367-420x420.jpg.webp\" width=\"420\" height=\"210\" alt=\"piscine spa\" loading=\"lazy\" title=\"\"><\/picture><\/figure><\/div><\/div><\/div><div class=\"cover is-fixed hide-mob align-full\" data-bgimage=\"https:\/\/www.camping-les-fruitiers.com\/wp-content\/uploads\/2024\/09\/AdobeStock_8647227-ok.jpg.webp\" data-bgimagexs=\"https:\/\/www.camping-les-fruitiers.com\/wp-content\/uploads\/2024\/09\/AdobeStock_8647227-ok-768x514.jpg.webp\"><span style=\"filter: opacity(50%); background-color:var(--#667480);\"><\/span><div class=\"cover__inner\"><p  style=\"text-align: center;\"  ><\/p><\/div><\/div>","protected":false},"excerpt":{"rendered":"<p>At the heart of the Grands Sites are the Pic du Midi and the Tourmalet! A stroll through Bagn\u00e8res-de-Bigorre means adopting the friendly atmosphere of a large mountain village that has managed to preserve its authenticity while offering a diverse range of tourist and cultural activities. You&#8217;ll appreciate its charm and its location between Tarbes, [&hellip;]<\/p>\n","protected":false},"author":1,"featured_media":0,"parent":0,"menu_order":0,"comment_status":"open","ping_status":"open","template":"","meta":{"_acf_changed":false,"footnotes":""},"acf":[],"_links":{"self":[{"href":"https:\/\/www.camping-les-fruitiers.com\/en\/wp-json\/wp\/v2\/pages\/614"}],"collection":[{"href":"https:\/\/www.camping-les-fruitiers.com\/en\/wp-json\/wp\/v2\/pages"}],"about":[{"href":"https:\/\/www.camping-les-fruitiers.com\/en\/wp-json\/wp\/v2\/types\/page"}],"author":[{"embeddable":true,"href":"https:\/\/www.camping-les-fruitiers.com\/en\/wp-json\/wp\/v2\/users\/1"}],"replies":[{"embeddable":true,"href":"https:\/\/www.camping-les-fruitiers.com\/en\/wp-json\/wp\/v2\/comments?post=614"}],"version-history":[{"count":1,"href":"https:\/\/www.camping-les-fruitiers.com\/en\/wp-json\/wp\/v2\/pages\/614\/revisions"}],"predecessor-version":[{"id":615,"href":"https:\/\/www.camping-les-fruitiers.com\/en\/wp-json\/wp\/v2\/pages\/614\/revisions\/615"}],"wp:attachment":[{"href":"https:\/\/www.camping-les-fruitiers.com\/en\/wp-json\/wp\/v2\/media?parent=614"}],"curies":[{"name":"wp","href":"https:\/\/api.w.org\/{rel}","templated":true}]}}